{"id":29,"date":"2024-01-24T12:22:54","date_gmt":"2024-01-24T12:22:54","guid":{"rendered":"https:\/\/balanse.info\/akupunktur\/?page_id=29"},"modified":"2024-01-31T12:52:21","modified_gmt":"2024-01-31T12:52:21","slug":"om-meg","status":"publish","type":"page","link":"https:\/\/balanse.info\/akupunktur\/om-meg\/","title":{"rendered":"Om meg"},"content":{"rendered":"\n<div class=\"wp-block-columns is-layout-flex wp-container-core-columns-is-layout-9d6595d7 wp-block-columns-is-layout-flex\">\n<div class=\"wp-block-column is-layout-flow wp-block-column-is-layout-flow\">\n<h2 class=\"wp-block-heading\">Akupunkt\u00f8r MAF<\/h2>\n\n\n\n<figure class=\"wp-block-image size-large is-resized\"><img loading=\"lazy\" decoding=\"async\" width=\"1024\" height=\"803\" src=\"https:\/\/balanse.info\/akupunktur\/wp-content\/uploads\/2024\/01\/20140628_133059_cr3-1024x803.jpg\" alt=\"\" class=\"wp-image-45\" style=\"width:388px;height:auto\" srcset=\"https:\/\/balanse.info\/akupunktur\/wp-content\/uploads\/2024\/01\/20140628_133059_cr3-1024x803.jpg 1024w, https:\/\/balanse.info\/akupunktur\/wp-content\/uploads\/2024\/01\/20140628_133059_cr3-300x235.jpg 300w, https:\/\/balanse.info\/akupunktur\/wp-content\/uploads\/2024\/01\/20140628_133059_cr3-768x602.jpg 768w, https:\/\/balanse.info\/akupunktur\/wp-content\/uploads\/2024\/01\/20140628_133059_cr3-1536x1204.jpg 1536w, https:\/\/balanse.info\/akupunktur\/wp-content\/uploads\/2024\/01\/20140628_133059_cr3-77x60.jpg 77w, https:\/\/balanse.info\/akupunktur\/wp-content\/uploads\/2024\/01\/20140628_133059_cr3.jpg 1566w\" sizes=\"auto, (max-width: 1024px) 100vw, 1024px\" \/><\/figure>\n\n\n\n<p>I tillegg til bachelorgrad i akupunktur fra Norges Helseh\u00f8yskole har jeg videreutdanning i vestlig medisinsk akupunktur og diverse kurs, samt 10 \u00e5rs erfaring som akupunkt\u00f8r p\u00e5 Voss, og har praktisert og tidvis undervist i taiji, qigong og meditasjon i ca. 25 \u00e5r. Jeg har fra f\u00f8r hovedfag (master) i informatikk fra UiB og er ogs\u00e5 ivrig amat\u00f8rsyklist. <\/p>\n<\/div>\n\n\n\n<div class=\"wp-block-column is-layout-flow wp-block-column-is-layout-flow\">\n<h2 class=\"wp-block-heading\">Fagkunnskap gir trygghet<\/h2>\n\n\n\n<p>P\u00e5 samme m\u00e5te som du g\u00e5r til elektrikeren for \u00e5 f\u00e5 installert elektrisk utstyr skal du g\u00e5 til akupunkt\u00f8ren for \u00e5 f\u00e5 akupunktur. <\/p>\n\n\n\n<p>I Norge i dag kan hvem som helst stikke med n\u00e5ler etter et helgekurs og kalle det &#8220;akupunktur&#8221;. Men akupunktur er umulig \u00e5 l\u00e6re p\u00e5 noen f\u00e5 timer og uforsvarlig \u00e5 utf\u00f8re p\u00e5 andre mennesker uten \u00e5 ha god nok kunnskap om hva som skjer og kan skje n\u00e5r man stikker n\u00e5ler i levende vev. Det er ikke uten grunn at bachelor studiet i akupunktur tar 3 \u00e5r.<\/p>\n\n\n\n<p>Inntil&nbsp;<em>akupunkt\u00f8r<\/em>&nbsp;blir en beskyttet tittel er din kvalitetssikring medlemskap i Akupunkturforeningen.<\/p>\n\n\n\n<figure class=\"wp-block-image size-full\"><img loading=\"lazy\" decoding=\"async\" width=\"1552\" height=\"187\" src=\"https:\/\/balanse.info\/akupunktur\/wp-content\/uploads\/2024\/01\/akumedlem-2.png\" alt=\"\" class=\"wp-image-63\" srcset=\"https:\/\/balanse.info\/akupunktur\/wp-content\/uploads\/2024\/01\/akumedlem-2.png 1552w, https:\/\/balanse.info\/akupunktur\/wp-content\/uploads\/2024\/01\/akumedlem-2-300x36.png 300w, https:\/\/balanse.info\/akupunktur\/wp-content\/uploads\/2024\/01\/akumedlem-2-1024x123.png 1024w, https:\/\/balanse.info\/akupunktur\/wp-content\/uploads\/2024\/01\/akumedlem-2-768x93.png 768w, https:\/\/balanse.info\/akupunktur\/wp-content\/uploads\/2024\/01\/akumedlem-2-1536x185.png 1536w, https:\/\/balanse.info\/akupunktur\/wp-content\/uploads\/2024\/01\/akumedlem-2-498x60.png 498w\" sizes=\"auto, (max-width: 1552px) 100vw, 1552px\" \/><\/figure>\n<\/div>\n<\/div>\n","protected":false},"excerpt":{"rendered":"<p>Akupunkt\u00f8r MAF I tillegg til bachelorgrad i akupunktur fra Norges Helseh\u00f8yskole har jeg videreutdanning i vestlig medisinsk akupunktur og diverse kurs, samt 10 \u00e5rs erfaring som akupunkt\u00f8r p\u00e5 Voss, og &hellip; <\/p>\n","protected":false},"author":1,"featured_media":0,"parent":0,"menu_order":0,"comment_status":"closed","ping_status":"closed","template":"","meta":{"_monsterinsights_skip_tracking":false,"_monsterinsights_sitenote_active":false,"_monsterinsights_sitenote_note":"","_monsterinsights_sitenote_category":0,"_uf_show_specific_survey":0,"_uf_disable_surveys":false,"footnotes":""},"class_list":["post-29","page","type-page","status-publish","hentry"],"yoast_head":"<!-- This site is optimized with the Yoast SEO plugin v27.2 - https:\/\/yoast.com\/product\/yoast-seo-wordpress\/ -->\n<title>Om meg - Balanse Akupunktur Voss<\/title>\n<meta name=\"description\" content=\"P\u00e5 samme m\u00e5te som du g\u00e5r til elektrikeren for \u00e5 f\u00e5 installert elektrisk utstyr skal du g\u00e5 til akupunkt\u00f8ren for \u00e5 f\u00e5 akupunktur. Arne Morken akupunkt\u00f8r MAF\" \/>\n<meta name=\"robots\" content=\"index, follow, max-snippet:-1, max-image-preview:large, max-video-preview:-1\" \/>\n<link rel=\"canonical\" href=\"https:\/\/balanse.info\/akupunktur\/om-meg\/\" \/>\n<meta property=\"og:locale\" content=\"en_GB\" \/>\n<meta property=\"og:type\" content=\"article\" \/>\n<meta property=\"og:title\" content=\"Om meg - Balanse Akupunktur Voss\" \/>\n<meta property=\"og:description\" content=\"P\u00e5 samme m\u00e5te som du g\u00e5r til elektrikeren for \u00e5 f\u00e5 installert elektrisk utstyr skal du g\u00e5 til akupunkt\u00f8ren for \u00e5 f\u00e5 akupunktur. Arne Morken akupunkt\u00f8r MAF\" \/>\n<meta property=\"og:url\" content=\"https:\/\/balanse.info\/akupunktur\/om-meg\/\" \/>\n<meta property=\"og:site_name\" content=\"Balanse Akupunktur Voss\" \/>\n<meta property=\"article:publisher\" content=\"https:\/\/www.facebook.com\/balanseakupunktur\" \/>\n<meta property=\"article:modified_time\" content=\"2024-01-31T12:52:21+00:00\" \/>\n<meta property=\"og:image\" content=\"https:\/\/balanse.info\/akupunktur\/wp-content\/uploads\/2024\/01\/20140628_133059_cr3-1024x803.jpg\" \/>\n<meta name=\"twitter:card\" content=\"summary_large_image\" \/>\n<meta name=\"twitter:label1\" content=\"Estimated reading time\" \/>\n\t<meta name=\"twitter:data1\" content=\"2 minutes\" \/>\n<script type=\"application\/ld+json\" class=\"yoast-schema-graph\">{\"@context\":\"https:\/\/schema.org\",\"@graph\":[{\"@type\":\"WebPage\",\"@id\":\"https:\/\/balanse.info\/akupunktur\/om-meg\/\",\"url\":\"https:\/\/balanse.info\/akupunktur\/om-meg\/\",\"name\":\"Om meg - Balanse Akupunktur Voss\",\"isPartOf\":{\"@id\":\"https:\/\/balanse.info\/akupunktur\/#website\"},\"primaryImageOfPage\":{\"@id\":\"https:\/\/balanse.info\/akupunktur\/om-meg\/#primaryimage\"},\"image\":{\"@id\":\"https:\/\/balanse.info\/akupunktur\/om-meg\/#primaryimage\"},\"thumbnailUrl\":\"https:\/\/balanse.info\/akupunktur\/wp-content\/uploads\/2024\/01\/20140628_133059_cr3-1024x803.jpg\",\"datePublished\":\"2024-01-24T12:22:54+00:00\",\"dateModified\":\"2024-01-31T12:52:21+00:00\",\"description\":\"P\u00e5 samme m\u00e5te som du g\u00e5r til elektrikeren for \u00e5 f\u00e5 installert elektrisk utstyr skal du g\u00e5 til akupunkt\u00f8ren for \u00e5 f\u00e5 akupunktur. Arne Morken akupunkt\u00f8r MAF\",\"breadcrumb\":{\"@id\":\"https:\/\/balanse.info\/akupunktur\/om-meg\/#breadcrumb\"},\"inLanguage\":\"en-GB\",\"potentialAction\":[{\"@type\":\"ReadAction\",\"target\":[\"https:\/\/balanse.info\/akupunktur\/om-meg\/\"]}]},{\"@type\":\"ImageObject\",\"inLanguage\":\"en-GB\",\"@id\":\"https:\/\/balanse.info\/akupunktur\/om-meg\/#primaryimage\",\"url\":\"https:\/\/balanse.info\/akupunktur\/wp-content\/uploads\/2024\/01\/20140628_133059_cr3.jpg\",\"contentUrl\":\"https:\/\/balanse.info\/akupunktur\/wp-content\/uploads\/2024\/01\/20140628_133059_cr3.jpg\",\"width\":1566,\"height\":1228},{\"@type\":\"BreadcrumbList\",\"@id\":\"https:\/\/balanse.info\/akupunktur\/om-meg\/#breadcrumb\",\"itemListElement\":[{\"@type\":\"ListItem\",\"position\":1,\"name\":\"Home\",\"item\":\"https:\/\/balanse.info\/akupunktur\/\"},{\"@type\":\"ListItem\",\"position\":2,\"name\":\"Om meg\"}]},{\"@type\":\"WebSite\",\"@id\":\"https:\/\/balanse.info\/akupunktur\/#website\",\"url\":\"https:\/\/balanse.info\/akupunktur\/\",\"name\":\"Balanse Akupunktur Voss\",\"description\":\"Arne Dagestad Morken, akupunkt\u00f8r MAF\",\"publisher\":{\"@id\":\"https:\/\/balanse.info\/akupunktur\/#organization\"},\"potentialAction\":[{\"@type\":\"SearchAction\",\"target\":{\"@type\":\"EntryPoint\",\"urlTemplate\":\"https:\/\/balanse.info\/akupunktur\/?s={search_term_string}\"},\"query-input\":{\"@type\":\"PropertyValueSpecification\",\"valueRequired\":true,\"valueName\":\"search_term_string\"}}],\"inLanguage\":\"en-GB\"},{\"@type\":\"Organization\",\"@id\":\"https:\/\/balanse.info\/akupunktur\/#organization\",\"name\":\"Balanse Akupunktur Voss\",\"url\":\"https:\/\/balanse.info\/akupunktur\/\",\"logo\":{\"@type\":\"ImageObject\",\"inLanguage\":\"en-GB\",\"@id\":\"https:\/\/balanse.info\/akupunktur\/#\/schema\/logo\/image\/\",\"url\":\"https:\/\/balanse.info\/akupunktur\/wp-content\/uploads\/2024\/01\/balanselogo_85x95.png\",\"contentUrl\":\"https:\/\/balanse.info\/akupunktur\/wp-content\/uploads\/2024\/01\/balanselogo_85x95.png\",\"width\":85,\"height\":95,\"caption\":\"Balanse Akupunktur Voss\"},\"image\":{\"@id\":\"https:\/\/balanse.info\/akupunktur\/#\/schema\/logo\/image\/\"},\"sameAs\":[\"https:\/\/www.facebook.com\/balanseakupunktur\",\"https:\/\/www.instagram.com\/balanse.akupunktur\/\"]}]}<\/script>\n<!-- \/ Yoast SEO plugin. -->","yoast_head_json":{"title":"Om meg - Balanse Akupunktur Voss","description":"P\u00e5 samme m\u00e5te som du g\u00e5r til elektrikeren for \u00e5 f\u00e5 installert elektrisk utstyr skal du g\u00e5 til akupunkt\u00f8ren for \u00e5 f\u00e5 akupunktur. Arne Morken akupunkt\u00f8r MAF","robots":{"index":"index","follow":"follow","max-snippet":"max-snippet:-1","max-image-preview":"max-image-preview:large","max-video-preview":"max-video-preview:-1"},"canonical":"https:\/\/balanse.info\/akupunktur\/om-meg\/","og_locale":"en_GB","og_type":"article","og_title":"Om meg - Balanse Akupunktur Voss","og_description":"P\u00e5 samme m\u00e5te som du g\u00e5r til elektrikeren for \u00e5 f\u00e5 installert elektrisk utstyr skal du g\u00e5 til akupunkt\u00f8ren for \u00e5 f\u00e5 akupunktur. Arne Morken akupunkt\u00f8r MAF","og_url":"https:\/\/balanse.info\/akupunktur\/om-meg\/","og_site_name":"Balanse Akupunktur Voss","article_publisher":"https:\/\/www.facebook.com\/balanseakupunktur","article_modified_time":"2024-01-31T12:52:21+00:00","og_image":[{"url":"https:\/\/balanse.info\/akupunktur\/wp-content\/uploads\/2024\/01\/20140628_133059_cr3-1024x803.jpg","type":"","width":"","height":""}],"twitter_card":"summary_large_image","twitter_misc":{"Estimated reading time":"2 minutes"},"schema":{"@context":"https:\/\/schema.org","@graph":[{"@type":"WebPage","@id":"https:\/\/balanse.info\/akupunktur\/om-meg\/","url":"https:\/\/balanse.info\/akupunktur\/om-meg\/","name":"Om meg - Balanse Akupunktur Voss","isPartOf":{"@id":"https:\/\/balanse.info\/akupunktur\/#website"},"primaryImageOfPage":{"@id":"https:\/\/balanse.info\/akupunktur\/om-meg\/#primaryimage"},"image":{"@id":"https:\/\/balanse.info\/akupunktur\/om-meg\/#primaryimage"},"thumbnailUrl":"https:\/\/balanse.info\/akupunktur\/wp-content\/uploads\/2024\/01\/20140628_133059_cr3-1024x803.jpg","datePublished":"2024-01-24T12:22:54+00:00","dateModified":"2024-01-31T12:52:21+00:00","description":"P\u00e5 samme m\u00e5te som du g\u00e5r til elektrikeren for \u00e5 f\u00e5 installert elektrisk utstyr skal du g\u00e5 til akupunkt\u00f8ren for \u00e5 f\u00e5 akupunktur. Arne Morken akupunkt\u00f8r MAF","breadcrumb":{"@id":"https:\/\/balanse.info\/akupunktur\/om-meg\/#breadcrumb"},"inLanguage":"en-GB","potentialAction":[{"@type":"ReadAction","target":["https:\/\/balanse.info\/akupunktur\/om-meg\/"]}]},{"@type":"ImageObject","inLanguage":"en-GB","@id":"https:\/\/balanse.info\/akupunktur\/om-meg\/#primaryimage","url":"https:\/\/balanse.info\/akupunktur\/wp-content\/uploads\/2024\/01\/20140628_133059_cr3.jpg","contentUrl":"https:\/\/balanse.info\/akupunktur\/wp-content\/uploads\/2024\/01\/20140628_133059_cr3.jpg","width":1566,"height":1228},{"@type":"BreadcrumbList","@id":"https:\/\/balanse.info\/akupunktur\/om-meg\/#breadcrumb","itemListElement":[{"@type":"ListItem","position":1,"name":"Home","item":"https:\/\/balanse.info\/akupunktur\/"},{"@type":"ListItem","position":2,"name":"Om meg"}]},{"@type":"WebSite","@id":"https:\/\/balanse.info\/akupunktur\/#website","url":"https:\/\/balanse.info\/akupunktur\/","name":"Balanse Akupunktur Voss","description":"Arne Dagestad Morken, akupunkt\u00f8r MAF","publisher":{"@id":"https:\/\/balanse.info\/akupunktur\/#organization"},"potentialAction":[{"@type":"SearchAction","target":{"@type":"EntryPoint","urlTemplate":"https:\/\/balanse.info\/akupunktur\/?s={search_term_string}"},"query-input":{"@type":"PropertyValueSpecification","valueRequired":true,"valueName":"search_term_string"}}],"inLanguage":"en-GB"},{"@type":"Organization","@id":"https:\/\/balanse.info\/akupunktur\/#organization","name":"Balanse Akupunktur Voss","url":"https:\/\/balanse.info\/akupunktur\/","logo":{"@type":"ImageObject","inLanguage":"en-GB","@id":"https:\/\/balanse.info\/akupunktur\/#\/schema\/logo\/image\/","url":"https:\/\/balanse.info\/akupunktur\/wp-content\/uploads\/2024\/01\/balanselogo_85x95.png","contentUrl":"https:\/\/balanse.info\/akupunktur\/wp-content\/uploads\/2024\/01\/balanselogo_85x95.png","width":85,"height":95,"caption":"Balanse Akupunktur Voss"},"image":{"@id":"https:\/\/balanse.info\/akupunktur\/#\/schema\/logo\/image\/"},"sameAs":["https:\/\/www.facebook.com\/balanseakupunktur","https:\/\/www.instagram.com\/balanse.akupunktur\/"]}]}},"jetpack_sharing_enabled":true,"_links":{"self":[{"href":"https:\/\/balanse.info\/akupunktur\/wp-json\/wp\/v2\/pages\/29","targetHints":{"allow":["GET"]}}],"collection":[{"href":"https:\/\/balanse.info\/akupunktur\/wp-json\/wp\/v2\/pages"}],"about":[{"href":"https:\/\/balanse.info\/akupunktur\/wp-json\/wp\/v2\/types\/page"}],"author":[{"embeddable":true,"href":"https:\/\/balanse.info\/akupunktur\/wp-json\/wp\/v2\/users\/1"}],"replies":[{"embeddable":true,"href":"https:\/\/balanse.info\/akupunktur\/wp-json\/wp\/v2\/comments?post=29"}],"version-history":[{"count":8,"href":"https:\/\/balanse.info\/akupunktur\/wp-json\/wp\/v2\/pages\/29\/revisions"}],"predecessor-version":[{"id":105,"href":"https:\/\/balanse.info\/akupunktur\/wp-json\/wp\/v2\/pages\/29\/revisions\/105"}],"wp:attachment":[{"href":"https:\/\/balanse.info\/akupunktur\/wp-json\/wp\/v2\/media?parent=29"}],"curies":[{"name":"wp","href":"https:\/\/api.w.org\/{rel}","templated":true}]}}